{"version":"1.0","provider_name":"EducatesPilar.com","provider_url":"https:\/\/educatespilar.com\/es","author_name":"educates","author_url":"https:\/\/educatespilar.com\/es\/author\/educates\/","title":"El pensamiento aristot\u00e9lico\u00a0 - EducatesPilar.com","type":"rich","width":600,"height":338,"html":"<blockquote class=\"wp-embedded-content\" data-secret=\"KPcRjUP6e6\"><a href=\"https:\/\/educatespilar.com\/es\/el-pensamiento-aristotelico\/\">El pensamiento aristot\u00e9lico\u00a0<\/a><\/blockquote><iframe sandbox=\"allow-scripts\" security=\"restricted\" src=\"https:\/\/educatespilar.com\/es\/el-pensamiento-aristotelico\/embed\/#?secret=KPcRjUP6e6\" width=\"600\" height=\"338\" title=\"&#8220;El pensamiento aristot\u00e9lico\u00a0&#8221; &#8212; EducatesPilar.com\" data-secret=\"KPcRjUP6e6\" frameborder=\"0\" marginwidth=\"0\" marginheight=\"0\" scrolling=\"no\" class=\"wp-embedded-content\"><\/iframe><script>\n\/*! This file is auto-generated *\/\n!function(d,l){\"use strict\";l.querySelector&&d.addEventListener&&\"undefined\"!=typeof URL&&(d.wp=d.wp||{},d.wp.receiveEmbedMessage||(d.wp.receiveEmbedMessage=function(e){var t=e.data;if((t||t.secret||t.message||t.value)&&!\/[^a-zA-Z0-9]\/.test(t.secret)){for(var s,r,n,a=l.querySelectorAll('iframe[data-secret=\"'+t.secret+'\"]'),o=l.querySelectorAll('blockquote[data-secret=\"'+t.secret+'\"]'),c=new RegExp(\"^https?:$\",\"i\"),i=0;i<o.length;i++)o[i].style.display=\"none\";for(i=0;i<a.length;i++)s=a[i],e.source===s.contentWindow&&(s.removeAttribute(\"style\"),\"height\"===t.message?(1e3<(r=parseInt(t.value,10))?r=1e3:~~r<200&&(r=200),s.height=r):\"link\"===t.message&&(r=new URL(s.getAttribute(\"src\")),n=new URL(t.value),c.test(n.protocol))&&n.host===r.host&&l.activeElement===s&&(d.top.location.href=t.value))}},d.addEventListener(\"message\",d.wp.receiveEmbedMessage,!1),l.addEventListener(\"DOMContentLoaded\",function(){for(var e,t,s=l.querySelectorAll(\"iframe.wp-embedded-content\"),r=0;r<s.length;r++)(t=(e=s[r]).getAttribute(\"data-secret\"))||(t=Math.random().toString(36).substring(2,12),e.src+=\"#?secret=\"+t,e.setAttribute(\"data-secret\",t)),e.contentWindow.postMessage({message:\"ready\",secret:t},\"*\")},!1)))}(window,document);\n\/\/# sourceURL=https:\/\/educatespilar.com\/wp-includes\/js\/wp-embed.min.js\n<\/script>\n","thumbnail_url":"https:\/\/educatespilar.com\/wp-content\/uploads\/2026\/03\/beautiful-roman-figure-carving-scaled.jpg","thumbnail_width":2560,"thumbnail_height":1709,"description":"El esp\u00edritu cr\u00edtico hab\u00eda de desarrollado los nombres propios, instituciones y f\u00f3rmulas caracter\u00edsticas de la educaci\u00f3n en la edad media m\u00e1s representativos. El gran impulso que recibi\u00f3 la cultura europea en los \u00faltimos siglos de la edad media desemboc\u00f3 sin soluci\u00f3n de continuidad en el primer Renacimiento. Las universidades llegaron a su m\u00e1ximo esplendor, el [&hellip;]"}