{"version":"1.0","provider_name":"EducatesPilar.com","provider_url":"https:\/\/educatespilar.com\/en","author_name":"educates","author_url":"https:\/\/educatespilar.com\/en\/author\/educates\/","title":"La Sociedad y su Proyecci\u00f3n en el Futuro - EducatesPilar.com","type":"rich","width":600,"height":338,"html":"<blockquote class=\"wp-embedded-content\" data-secret=\"UwnhdUzBRz\"><a href=\"https:\/\/educatespilar.com\/en\/la-sociedad-y-su-proyeccion-en-el-futuro\/\">La Sociedad y su Proyecci\u00f3n en el Futuro<\/a><\/blockquote><iframe sandbox=\"allow-scripts\" security=\"restricted\" src=\"https:\/\/educatespilar.com\/en\/la-sociedad-y-su-proyeccion-en-el-futuro\/embed\/#?secret=UwnhdUzBRz\" width=\"600\" height=\"338\" title=\"&#8220;La Sociedad y su Proyecci\u00f3n en el Futuro&#8221; &#8212; EducatesPilar.com\" data-secret=\"UwnhdUzBRz\" frameborder=\"0\" marginwidth=\"0\" marginheight=\"0\" scrolling=\"no\" class=\"wp-embedded-content\"><\/iframe><script>\n\/*! This file is auto-generated *\/\n!function(d,l){\"use strict\";l.querySelector&&d.addEventListener&&\"undefined\"!=typeof URL&&(d.wp=d.wp||{},d.wp.receiveEmbedMessage||(d.wp.receiveEmbedMessage=function(e){var t=e.data;if((t||t.secret||t.message||t.value)&&!\/[^a-zA-Z0-9]\/.test(t.secret)){for(var s,r,n,a=l.querySelectorAll('iframe[data-secret=\"'+t.secret+'\"]'),o=l.querySelectorAll('blockquote[data-secret=\"'+t.secret+'\"]'),c=new RegExp(\"^https?:$\",\"i\"),i=0;i<o.length;i++)o[i].style.display=\"none\";for(i=0;i<a.length;i++)s=a[i],e.source===s.contentWindow&&(s.removeAttribute(\"style\"),\"height\"===t.message?(1e3<(r=parseInt(t.value,10))?r=1e3:~~r<200&&(r=200),s.height=r):\"link\"===t.message&&(r=new URL(s.getAttribute(\"src\")),n=new URL(t.value),c.test(n.protocol))&&n.host===r.host&&l.activeElement===s&&(d.top.location.href=t.value))}},d.addEventListener(\"message\",d.wp.receiveEmbedMessage,!1),l.addEventListener(\"DOMContentLoaded\",function(){for(var e,t,s=l.querySelectorAll(\"iframe.wp-embedded-content\"),r=0;r<s.length;r++)(t=(e=s[r]).getAttribute(\"data-secret\"))||(t=Math.random().toString(36).substring(2,12),e.src+=\"#?secret=\"+t,e.setAttribute(\"data-secret\",t)),e.contentWindow.postMessage({message:\"ready\",secret:t},\"*\")},!1)))}(window,document);\n\/\/# sourceURL=https:\/\/educatespilar.com\/wp-includes\/js\/wp-embed.min.js\n<\/script>","thumbnail_url":"https:\/\/educatespilar.com\/wp-content\/uploads\/2026\/04\/demographic-census-concept-representation-1-scaled.jpg","thumbnail_width":2560,"thumbnail_height":1707,"description":"El industrialismo es una fase del desarrollo econ\u00f3mico que se caracteriza por la producci\u00f3n en gran escala, el empleo de energ\u00eda mec\u00e1nica, un amplio mercado, una mano de obra especializada, una intrincada divisi\u00f3n del trabajo y una urbanizaci\u00f3n acelerada. Acompa\u00f1ando a estos cambios econ\u00f3micos, se producen otros muy complejos en los grupos sociales y en [&hellip;]"}